{"id":20,"date":"2012-09-25T10:33:26","date_gmt":"2012-09-25T09:33:26","guid":{"rendered":"https:\/\/blog.univ-angers.fr\/yvesdenechere\/?page_id=20"},"modified":"2025-01-12T10:37:04","modified_gmt":"2025-01-12T09:37:04","slug":"encadrement-doctoral","status":"publish","type":"page","link":"https:\/\/blog.univ-angers.fr\/yvesdenechere\/encadrement-doctoral\/","title":{"rendered":"Encadrement doctoral et post-doctoral"},"content":{"rendered":"<h4><strong>Dix-neuf th\u00e8ses de doctorat encadr\u00e9es et soutenues<\/strong><\/h4>\n<h4>\u00a0<\/h4>\n<h4>Alexandre MILLET\u00a0 \u00a0 \u00a0 \u00a0 \u00a0 \u00a0 \u00a0 \u00a0 \u00a0 \u00a0 \u00a0 \u00a0 \u00a0 \u00a0 \u00a0 \u00a0 \u00a0 \u00a0 \u00a0 \u00a0 \u00a0 \u00a0 \u00a0 \u00a0 \u00a0 \u00a0 \u00a0 \u00a0 \u00a0 \u00a0 \u00a0 \u00a0 \u00a0 \u00a0 \u00a0 \u00a0 \u00a0 \u00a0 \u00a0 \u00a0 \u00a0 \u00a0 \u00a0 \u00a0 \u00a0 \u00a0 \u00a0 \u00a0 \u00a0 \u00a0 \u00a0 \u00a0 \u00a0 \u00a0 \u00a0<\/h4>\n<h4>Les intern\u00e9s fran\u00e7ais et belges du camp de Rawa-Ruska. Histoire et m\u00e9moire\u00a0 \u00a0 \u00a0 \u00a0 \u00a0 (1942 \u00e0 nos jours)\u00a0 \u00a0 \u00a0 \u00a0 \u00a0 \u00a0 \u00a0 \u00a0 \u00a0 \u00a0 \u00a0 \u00a0 \u00a0 \u00a0 \u00a0 \u00a0 \u00a0 \u00a0 \u00a0 \u00a0 \u00a0 \u00a0 \u00a0 \u00a0 \u00a0 \u00a0 \u00a0 \u00a0 \u00a0 \u00a0 \u00a0 \u00a0 \u00a0 \u00a0 \u00a0 \u00a0 \u00a0 \u00a0 \u00a0 \u00a0 \u00a0 \u00a0 \u00a0 \u00a0 \u00a0 \u00a0 \u00a0 \u00a0 \u00a0 \u00a0 \u00a0 \u00a0 \u00a0 \u00a0 \u00a0\u00a0<\/h4>\n<h4>Co-encadrant : Fabien Th\u00e9ofilakis, MCF Universit\u00e9 Paris Sorbonne\u00a0 \u00a0 \u00a0 \u00a0 \u00a0 \u00a0 \u00a0 \u00a0 \u00a0 \u00a0 \u00a0 \u00a0 \u00a0\u00a0 Contrat doctoral, convention entre l&rsquo;association Ceux de Rawa-Ruska et leurs descendants et l&rsquo;Universit\u00e9 d&rsquo;Angers<\/h4>\n<h4>Th\u00e8se soutenue le 12 octobre 2023<\/h4>\n<h4>\u00a0<\/h4>\n<h4>&#8211; Ana\u00efs GOT<\/h4>\n<h4>Histoire des essais de semences en perspective transnationale (XIXe-XXIe si\u00e8cles<\/h4>\n<h4>Co-encadrante : Cristiana Pavie, MCF en histoire contemporaine<\/h4>\n<h4>Contrat doctoral, convention entre lSTA (International Seeds Testing Association) et l&rsquo;Universit\u00e9 d&rsquo;Angers.<\/h4>\n<h4>Th\u00e8se soutenue le 5 juin 2024<\/h4>\n<h4>\u00a0<\/h4>\n<h4>&#8211; Louise COUEFFE <br \/>Herboriser au XIXe si\u00e8cle; Savoirs et pratiques du v\u00e9g\u00e9tal dans l&rsquo;Ouest de la France. Contrat doctoral Universit\u00e9 d&rsquo;Angers\/r\u00e9gion pays de la Loire Co-encadrante : Cristiana Pavie, MCF en histoire contemporaine<br \/>Th\u00e8se soutenue le 5 octobre 2023<\/h4>\n<h4>\u00a0<\/h4>\n<h4><span style=\"font-size: 14px\">&#8211; Coline RONDEAU<\/span><\/h4>\n<h4>Les r\u00e9fugi\u00e9s kurdes de Turquie dans l&rsquo;Ouest de la France et en Belgique (1980-2003)<\/h4>\n<h4>Th\u00e8se en co-tutelle internationale avec l&rsquo;Universit\u00e9 de Li\u00e8ge (Hassan Bousetta)<\/h4>\n<h4>Co-encadrante : Chadia Arab, CR CNRS en g\u00e9ographie sociale, UMR ESO<\/h4>\n<h4>Contrat doctoral financ\u00e9 par l&rsquo;Universit\u00e9 d&rsquo;Angers<\/h4>\n<h4>Th\u00e8se soutenue le 17 d\u00e9cembre 2020<\/h4>\n<h4>\u00a0<\/h4>\n<h4>&#8211;\u00a0Valentin TAVEAU<\/h4>\n<h4>Ackerman-Laurance. Famille, n\u00e9goce et industrie des vins mousseux en Saumurois au XIX\u00e8 si\u00e8cle (1811-1914)<\/h4>\n<h4>Co-encadrante : Cristiana Oghina-Pavie, MCF Universit\u00e9 d&rsquo;Angers<\/h4>\n<h4>Th\u00e8se en contrat CIFRE avec l&rsquo;entreprise Ackerman<\/h4>\n<h4>Th\u00e8se soutenue le 20 septembre 2020<\/h4>\n<h4>\u00a0<\/h4>\n<h4>&#8211; St\u00e9phane WANDRIESSE<\/h4>\n<h4>Le Jardin potager au regard des m\u00e9dias dans la France du second XXe si\u00e8cle<br \/>Co-encadrante : Cristiana Pavie, MCF en histoire contemporaine<\/h4>\n<h4>Th\u00e8se soutenue le 30 juin 2020<\/h4>\n<h4>\u00a0<\/h4>\n<h4>&#8211; H\u00e9l\u00e8ne LAFFITTE<\/h4>\n<h4>Expressions et organisation des personnes adopt\u00e9es d\u2019origine \u00e9trang\u00e8re en France depuis les ann\u00e9es 1980<\/h4>\n<h4>Co-encadrante : Claudine Veuillet-Combier, MCF en psychologie clinique et psychopathologie, LPPL EA 4638<\/h4>\n<h4>Contrat doctoral financ\u00e9 par le programme EnJeu[x]<\/h4>\n<h4>Th\u00e8se soutenue le 20 d\u00e9cembre 2019<\/h4>\n<h4>\u00a0<\/h4>\n<h4>&#8211; Yuxi LIU<\/h4>\n<h4>Les relations transnationales entre le Qu\u00e9bec et la Chine populaire (1968-1980) : acteurs, savoirs et repr\u00e9sentations.<br \/>Th\u00e8se en co-tutelle internationale avec l&rsquo;Universit\u00e9 du Qu\u00e9bec \u00e0 Montr\u00e9al (Martin Petitclerc) financ\u00e9e par une bourse du gouvernement chinois<\/h4>\n<h4>Th\u00e8se soutenue le 3 septembre 2019 \u00e0 l&rsquo;UQAM<\/h4>\n<h4>\u00a0<\/h4>\n<h4>&#8211; Cl\u00e9mence MAHEO<br \/>Les op\u00e9rateurs \u00ab\u00a0faiseurs de parent\u00e9\u00a0\u00bb \u00a0face aux mutations et aux risques de l\u2019adoption internationale depuis 2005\u00a0\u00a0\u00a0\u00a0\u00a0\u00a0\u00a0\u00a0\u00a0\u00a0\u00a0\u00a0\u00a0\u00a0\u00a0\u00a0\u00a0\u00a0\u00a0\u00a0\u00a0\u00a0\u00a0\u00a0\u00a0\u00a0\u00a0\u00a0\u00a0\u00a0\u00a0\u00a0\u00a0\u00a0\u00a0\u00a0\u00a0\u00a0\u00a0\u00a0\u00a0\u00a0\u00a0\u00a0\u00a0\u00a0\u00a0\u00a0\u00a0\u00a0\u00a0\u00a0\u00a0\u00a0\u00a0\u00a0\u00a0\u00a0\u00a0\u00a0\u00a0\u00a0\u00a0\u00a0\u00a0\u00a0\u00a0\u00a0\u00a0\u00a0\u00a0\u00a0\u00a0\u00a0\u00a0\u00a0\u00a0\u00a0\u00a0\u00a0\u00a0\u00a0\u00a0\u00a0\u00a0\u00a0\u00a0\u00a0\u00a0\u00a0\u00a0\u00a0\u00a0\u00a0\u00a0\u00a0\u00a0 Th\u00e8se soutenue le 24 avril 2018<\/h4>\n<h4>\u00a0<\/h4>\n<h4>&#8211; Antoine GODET<br \/>La symbolique politique des mouvements fascistes et fascisants en France et en Grande-Bretagne dans les ann\u00e9es 1930. Etude comparartive du Parti Populaire Fran\u00e7ais et de la British Union of Fascists.<br \/>Co-encadrants : Fran\u00e7ois Hourmant, MCF HDR en science politique ; Kevin Passmore,\u00a0 Cardiff University<\/h4>\n<h4>Th\u00e8se soutenue le 5 octobre 2017<\/h4>\n<h4>\u00a0<\/h4>\n<h4>&#8211; Fran\u00e7ois DREMEAUX<br \/>Pr\u00e9sences fran\u00e7aises \u00e0 Hong Kong dans l\u2019entre-deux-guerres : r\u00f4les, interactions et repr\u00e9sentations<\/h4>\n<h4>Th\u00e8se soutenue le 8 d\u00e9cembre 2016<\/h4>\n<h4>\u00a0<\/h4>\n<h4>&#8211; Benjamin BUISSON<br \/>Le p\u00f4le v\u00e9g\u00e9tal en Pays-de-la-Loire. Histoire d&rsquo;une synergie territoriale (1965-2005)<br \/>Co-encadrante : Cristiana Pavie, MCF en histoire contemporaine<\/h4>\n<h4>Contrat doctoral financ\u00e9 par la r\u00e9gion Pays de la Loire<br \/>Th\u00e8se soutenue le 4 novembre 2016<\/h4>\n<h4>\u00a0<\/h4>\n<h4>&#8211; Boris BATTAIS<br \/>La justice militaire en temps de paix. L\u2019activit\u00e9 judiciaire du conseil de guerre de Tours (1875-1913)<br \/>Co-encadrant : Eric Pierre, MCF en histoire contemporaine<br \/>Th\u00e8se soutenue le 10 d\u00e9cembre 2015<\/h4>\n<h4>\u00a0<\/h4>\n<h4>&#8211; Sheena TRIMBLE<br \/>Femmes et politiques d&rsquo;immigration du Canada (1945-1967) : au-del\u00e0 des assignations de genre ?<br \/>Th\u00e8se soutenue\u00a0le 7 octobre 2015 \u00e0 Angers ; PRIX de THESE de l&rsquo;AFEC 2016\u00a0 (Association Fran\u00e7aise d&rsquo;Etudes Canadiennes)<\/h4>\n<h4>\u00a0<\/h4>\n<h4>&#8211; Beatrice SCUTARU<br \/>Les relations entre les soci\u00e9t\u00e9s fran\u00e7aise et roumaine (des ann\u00e9es 1960 \u00e0 1995) : un atout pour l&rsquo;ancrage de la Roumanie \u00e0 l&rsquo;Europe ?<br \/>Th\u00e8se en cotutelle avec l\u2019Universit\u00e9 A. I. Cuza de Iasi (Roumanie), professeur Alexandru Florin Platon, soutenue le 18 septembre 2013 \u00e0 Angers<\/h4>\n<h4>\u00a0<\/h4>\n<h4>&#8211; Sylvain SIONNEAU<br \/>M\u00e9decines populaires et m\u00e9decines ill\u00e9gales en France au XIXe si\u00e8cle. L&rsquo;exemple du Maine-et-Loire<br \/>Th\u00e8se soutenue le 5 juillet 2013 \u00e0 Angers<\/h4>\n<h4>\u00a0<\/h4>\n<h4>&#8211; Corinne BOUCHOUX<br \/>\u00ab Si les tableaux pouvaient parler \u00bb\u2026 Le traitement politique et m\u00e9diatique des retours d\u2019\u0153uvres d\u2019art pill\u00e9es et spoli\u00e9es par les nazis (France 1945-2008)<br \/>Th\u00e8se soutenue le 17 juin 2011 \u00e0 Angers<\/h4>\n<h4>\u00a0<\/h4>\n<h4>&#8211; Jean CHEVALIER<br \/>Avoir des enfants dans les Mauges au XIXe si\u00e8cle. Comportements d\u00e9mographiques et dynamiques familiales<br \/>Th\u00e8se soutenue le 16 d\u00e9cembre 2011 \u00e0 Angers<\/h4>\n<h4>\u00a0<\/h4>\n<h4>&#8211; Dan MATA<br \/>Les relations franco-roumaines de 1964 \u00e0 1968<br \/>Th\u00e8se en cotutelle avec l\u2019Universit\u00e9 de A. I. Cuza de Iasi (Roumanie), professeur Ion Ciuperca, soutenue le 29 mai 2009 \u00e0 Iasi<\/h4>\n<h4>\u00a0<\/h4>\n<h4><strong>Encadrement de post-doc\u00a0:<\/strong><\/h4>\n<h4>\u00a0<\/h4>\n<h4>&#8211; Fran\u00e7ois DREMEAUX<\/h4>\n<h4>Projet SHIPPAN<\/h4>\n<h4>Bourse Marie Curie Horizon Europe Global Fellowship (2022-2025)<\/h4>\n<h4>\u00a0<\/h4>\n<h4>&#8211; Zo\u00e9 GRUMBERG<\/h4>\n<h4>ANR EN-MIG Enfants en d\u00e9colonisation. Migrations contraintes et construction individuelle<\/h4>\n<h4>(2022-2024)<\/h4>\n<h4>\u00a0<\/h4>\n<h4>&#8211; Fabio MACEDO<\/h4>\n<h4>\u00ab\u00a0Etude historique des pratiques illicites dans l&rsquo;adoption internationale 1950-2020\u00a0\u00bb (2022-2023)<\/h4>\n<h4>\u00a0<\/h4>\n<h4><span style=\"font-size: 14px\">&#8211; Susanne COMMEND<\/span><\/h4>\n<h4>Taking Care of Disabled Children: the Centre International de l\u2019Enfance and Transnational Network, France-North Atlantic-Africa (1959-1989).Bourse Marie Curie H2020 MSCA Individual Fellowship (2021-2023)<\/h4>\n<h4>\u00a0<\/h4>\n<h4>&#8211; Luciana JINGA<\/h4>\n<h4>Projet GenHumChild : Gender and transnational commitment for children (Europe &#8211; 1980-2000).<\/h4>\n<h4>Bourse Marie Curie H2020 MSCA Individual Fellowship (2017-2019).<\/h4>\n<h4>\u00a0<\/h4>\n<h4><em><strong>HDR encadr\u00e9e et soutenue :<\/strong><\/em><\/h4>\n<h4>\u00a0<\/h4>\n<h4>&#8211; Patrice MARCILLOUX, ma\u00eetre de conf\u00e9rences en archivistique \u00e0 l\u2019Universit\u00e9 d\u2019Angers<br \/>Archivistique et histoire : pratique professionnelle et r\u00e9flexion th\u00e9orique<br \/>HDR soutenue le 28 novembre 2011.<\/h4>\n<h4>\u00a0<\/h4>\n<h4><em><strong>Trois th\u00e8ses de doctorat en cours :<\/strong><\/em><\/h4>\n<h4><span style=\"font-weight: 300\">\u00a0<\/span><\/h4>\n<h4>&#8211; Angeline DELALANDE<\/h4>\n<h4>Portage institutionnel des activit\u00e9s de PMI de 1945 aux ann\u00e9es 1990<\/h4>\n<h4>\u00a0<\/h4>\n<h4>&#8211; Antoine MARQUIS<\/h4>\n<h4>D\u00e9viances juv\u00e9niles : trajectoires institutionnelles &amp; construction des<br \/>savoirs, entre sph\u00e8re p\u00e9nale et psychiatrie (France 1870-1940)<\/h4>\n<h4>Co-encadrant, David Niget, ma\u00eetre de conf\u00e9rences en histoire contemporaine, Universit\u00e9 d&rsquo;Angers<\/h4>\n<h4>Contrat doctoral de l&rsquo;Universit\u00e9 d&rsquo;Angers<\/h4>\n<h4>\u00a0<\/h4>\n<h4>&#8211; Anne-Flore THIBAUT<\/h4>\n<h4>Ni femmes ni enfants. Les jeunes filles fran\u00e7aises en R\u00e9volution (1760-1830)\u00a0<\/h4>\n<h4>Co-encadrante, Nahema Hanafi, ma\u00eetresse de conf\u00e9rences en histoire moderne, Universit\u00e9 d&rsquo;Angers.<\/h4>\n<h4>Contrat doctoral ENS<\/h4>\n<p>&nbsp;<\/p>\n<h4>\u00a0<\/h4>\n<h5>\u00a0<\/h5>\n<p>&nbsp;<\/p>\n<p><strong>\u00a0Formation doctorale :<\/strong><\/p>\n<p>&#8211; En tant que directeur de l&rsquo;\u00e9cole doctorale SCE (soci\u00e9t\u00e9s, civilisations, \u00e9changes) de 2012 \u00e0 2016, organisation de nombreuses journ\u00e9es de formation doctorale.<\/p>\n<p>&#8211; De 2016 \u00e0 2019, co-organisation avec M. Dinomais, professeur en m\u00e9decine, de la Summer School annuelle de l\u2019Universit\u00e9 d\u2019Angers-EnJeu[x] \u00ab Enfance et bien-\u00eatre \u00bb.<\/p>\n<p>&#8211; Formation doctorale sur les Studies, 2022-2024<\/p>\n<p>&nbsp;<\/p>\n\n\n<p><\/p>\n","protected":false},"excerpt":{"rendered":"<p>Dix-neuf th\u00e8ses de doctorat encadr\u00e9es et soutenues \u00a0 Alexandre MILLET\u00a0 \u00a0 \u00a0 \u00a0 \u00a0 \u00a0 \u00a0 \u00a0 \u00a0 \u00a0 \u00a0 \u00a0 \u00a0 \u00a0 \u00a0 \u00a0 \u00a0 \u00a0 \u00a0 \u00a0 \u00a0 \u00a0 \u00a0 \u00a0 \u00a0 \u00a0 \u00a0 \u00a0 \u00a0 \u00a0 \u00a0 &hellip; <a href=\"https:\/\/blog.univ-angers.fr\/yvesdenechere\/encadrement-doctoral\/\">Continuer la lecture <span class=\"meta-nav\">&rarr;<\/span><\/a><\/p>\n","protected":false},"author":15550,"featured_media":0,"parent":0,"menu_order":0,"comment_status":"closed","ping_status":"closed","template":"","meta":{"footnotes":""},"class_list":["post-20","page","type-page","status-publish","hentry"],"_links":{"self":[{"href":"https:\/\/blog.univ-angers.fr\/yvesdenechere\/wp-json\/wp\/v2\/pages\/20","targetHints":{"allow":["GET"]}}],"collection":[{"href":"https:\/\/blog.univ-angers.fr\/yvesdenechere\/wp-json\/wp\/v2\/pages"}],"about":[{"href":"https:\/\/blog.univ-angers.fr\/yvesdenechere\/wp-json\/wp\/v2\/types\/page"}],"author":[{"embeddable":true,"href":"https:\/\/blog.univ-angers.fr\/yvesdenechere\/wp-json\/wp\/v2\/users\/15550"}],"replies":[{"embeddable":true,"href":"https:\/\/blog.univ-angers.fr\/yvesdenechere\/wp-json\/wp\/v2\/comments?post=20"}],"version-history":[{"count":17,"href":"https:\/\/blog.univ-angers.fr\/yvesdenechere\/wp-json\/wp\/v2\/pages\/20\/revisions"}],"predecessor-version":[{"id":656,"href":"https:\/\/blog.univ-angers.fr\/yvesdenechere\/wp-json\/wp\/v2\/pages\/20\/revisions\/656"}],"wp:attachment":[{"href":"https:\/\/blog.univ-angers.fr\/yvesdenechere\/wp-json\/wp\/v2\/media?parent=20"}],"curies":[{"name":"wp","href":"https:\/\/api.w.org\/{rel}","templated":true}]}}