{"id":130,"date":"2021-07-15T14:33:05","date_gmt":"2021-07-15T12:33:05","guid":{"rendered":"https:\/\/blog.univ-angers.fr\/capacite\/?page_id=130"},"modified":"2021-07-15T14:33:12","modified_gmt":"2021-07-15T12:33:12","slug":"mot-de-la-responsable-de-la-formation","status":"publish","type":"page","link":"https:\/\/blog.univ-angers.fr\/capacite\/","title":{"rendered":"Mot de la responsable de la formation"},"content":{"rendered":"<p><img loading=\"lazy\" decoding=\"async\" class=\"size-full wp-image-27 alignleft\" title=\"Capacit\u00e9 en droit\" alt=\"Visuel Capacit\u00e9 en droit\" src=\"https:\/\/blog.univ-angers.fr\/capacite\/files\/2018\/11\/Balance1.jpg\" width=\"150\" height=\"150\" \/><\/p>\n<p>Le Certificat de Capacit\u00e9 en Droit est un dipl\u00f4me national universitaire qui a des origines anciennes. \u00a0C\u2019est un dipl\u00f4me de niveau baccalaur\u00e9at. Plus pr\u00e9cis\u00e9ment, Il s\u2019agit d\u2019une introduction aux \u00e9tudes juridiques en deux ann\u00e9es, qui permet l\u2019acquisition de comp\u00e9tences juridiques et d\u2019acc\u00e9der aux \u00e9tudes de droit.<\/p>\n<p>La capacit\u00e9 en droit en ligne est parfaitement compatible avec une activit\u00e9 professionnelle.<\/p>\n<p>En effet, la capacit\u00e9 en droit d\u2019Angers est une formation bimodale, en ligne avec un pr\u00e9sentiel r\u00e9duit\u00a0: environ un samedi par mois (<i>Il s\u2019agit d\u2019une moyenne<\/i>).<\/p>\n<p>Il suffit d\u2019avoir acc\u00e8s \u00e0 un ordinateur et de disposer d\u2019une connexion internet.<\/p>\n<p>Cette formation est accessible \u00e0 tous, sans condition de dipl\u00f4me, sous r\u00e9serve d\u2019\u00eatre \u00e2g\u00e9 de 17 ans au 1er novembre de l\u2019ann\u00e9e d\u2019inscription.<\/p>\n<p>La capacit\u00e9 en droit d\u2019Angers est organis\u00e9e en deux ann\u00e9es. Chacune des deux ann\u00e9es comportent six mati\u00e8res, mises en ligne progressivement au cours de l\u2019ann\u00e9e consid\u00e9r\u00e9e. En outre, \u00e0 compter de la rentr\u00e9e de septembre 2021, en premi\u00e8re ann\u00e9e, les \u00e9tudiants ont la possibilit\u00e9 de faire un stage optionnel, non obligatoire et non \u00e9valu\u00e9. En seconde ann\u00e9e, les \u00e9tudiants doivent faire un stage ou un projet tutor\u00e9, donnant lieu \u00e0 une \u00e9valuation prise en compte pour le calcul de la moyenne des notes.<\/p>\n<p>L\u2019ensemble de l\u2019\u00e9quipe administrative et p\u00e9dagogique vous accompagne pendant votre cursus et n\u2019a qu\u2019un objectif votre r\u00e9ussite.<\/p>\n<p>&nbsp;<\/p>\n<p align=\"center\">Bienvenue dans la capacit\u00e9 en droit d\u2019Angers,<\/p>\n<p align=\"right\"><b>Sophie LAMBERT-WIBER<\/b><\/p>\n<p align=\"right\"><b>Ma\u00eetre de conf\u00e9rences en droit priv\u00e9, HDR<\/b><\/p>\n<p align=\"right\"><b>Responsable p\u00e9dagogique de la formation<\/b><\/p>\n<p>&nbsp;<\/p>\n<p>&nbsp;<\/p>\n<p>&nbsp;<\/p>\n<p>&nbsp;<\/p>\n<p>&nbsp;<\/p>\n<p>&nbsp;<\/p>\n<p>&nbsp;<\/p>\n<p>&nbsp;<\/p>\n","protected":false},"excerpt":{"rendered":"<p>Le Certificat de Capacit\u00e9 en Droit est un dipl\u00f4me national universitaire qui a des origines anciennes. \u00a0C\u2019est un dipl\u00f4me de niveau baccalaur\u00e9at. Plus pr\u00e9cis\u00e9ment, Il s\u2019agit d\u2019une introduction aux \u00e9tudes juridiques en deux ann\u00e9es, qui permet l\u2019acquisition de comp\u00e9tences juridiques &hellip; <a href=\"https:\/\/blog.univ-angers.fr\/capacite\/\">Continuer la lecture <span class=\"meta-nav\">&rarr;<\/span><\/a><\/p>\n","protected":false},"author":14389,"featured_media":0,"parent":0,"menu_order":0,"comment_status":"closed","ping_status":"open","template":"","meta":{"footnotes":""},"class_list":["post-130","page","type-page","status-publish","hentry"],"_links":{"self":[{"href":"https:\/\/blog.univ-angers.fr\/capacite\/wp-json\/wp\/v2\/pages\/130","targetHints":{"allow":["GET"]}}],"collection":[{"href":"https:\/\/blog.univ-angers.fr\/capacite\/wp-json\/wp\/v2\/pages"}],"about":[{"href":"https:\/\/blog.univ-angers.fr\/capacite\/wp-json\/wp\/v2\/types\/page"}],"author":[{"embeddable":true,"href":"https:\/\/blog.univ-angers.fr\/capacite\/wp-json\/wp\/v2\/users\/14389"}],"replies":[{"embeddable":true,"href":"https:\/\/blog.univ-angers.fr\/capacite\/wp-json\/wp\/v2\/comments?post=130"}],"version-history":[{"count":1,"href":"https:\/\/blog.univ-angers.fr\/capacite\/wp-json\/wp\/v2\/pages\/130\/revisions"}],"predecessor-version":[{"id":350,"href":"https:\/\/blog.univ-angers.fr\/capacite\/wp-json\/wp\/v2\/pages\/130\/revisions\/350"}],"wp:attachment":[{"href":"https:\/\/blog.univ-angers.fr\/capacite\/wp-json\/wp\/v2\/media?parent=130"}],"curies":[{"name":"wp","href":"https:\/\/api.w.org\/{rel}","templated":true}]}}